{"id":93,"date":"2020-12-12T15:06:32","date_gmt":"2020-12-12T15:06:32","guid":{"rendered":"https:\/\/www.coreth.at\/green-spirit\/"},"modified":"2023-09-13T11:54:28","modified_gmt":"2023-09-13T09:54:28","slug":"green-spirit","status":"publish","type":"page","link":"https:\/\/www.coreth.at\/de\/company\/green-spirit\/","title":{"rendered":"Die Gr\u00fcne Zone"},"content":{"rendered":"\n<h2 class=\"wp-block-heading\">UMWELT &amp; FOLIE<\/h2>\n\n\n\n<p>Wir nehmen unsere Verantwortung gegen\u00fcber der Umwelt sehr ernst. \u00d6konomie und \u00d6kologie bedeuten f\u00fcr uns keine Gegens\u00e4tze. Als produzierendes Familienunternehmen handeln wir <strong>umweltbewusst<\/strong> und setzen Ma\u00dfnahmen zur umweltschonenden Produktion.<\/p>\n\n\n\n<p>Unser Grundmaterial besteht zu <strong>100% aus Polyethylen<\/strong>, dieses setzt sich aus Kohlen-und Wasserstoff zusammen. Es ist <strong>umweltvertr\u00e4glich, grundwasserneutral, korrosionsneutral, giftfrei und uneingeschr\u00e4nkt recyclingf\u00e4hig<\/strong>.<br><\/p>\n\n\n\n<h2 class=\"wp-block-heading\"><strong>Gerne stellen wir Ihnen unsere Aktivit\u00e4ten im Sinne der Nachhaltigkeit vor.<\/strong><\/h2>\n\n\n\n<h2 class=\"wp-block-heading\">Identifizierung kreislauftauglicher Verpackungsl\u00f6sungen unter Ber\u00fccksichtigung des Produktschutzes beim Folienhersteller CORETH in Nieder\u00f6sterreich<strong> &nbsp;<\/strong><\/h2>\n\n\n\n<p>Die Firma<strong>&nbsp;G.Coreth GmbH<\/strong>&nbsp;war aktiver Partner im Kooperationsprojekt des Lebensmittelcluster N\u00d6 und O\u00d6 \u201ePackloop\u201c gef\u00f6rdert vom Land N\u00d6 und O\u00d6.<\/p>\n\n\n\n<p>Die Herausforderung ist gro\u00df: Bis 2030 sollen laut EU-Vorgaben alle Kunststoffverpackungen recyclingf\u00e4hig sein. Dazu sind vor allem im Bereich der Lebensmittelverpackung noch viele Fragen offen. Gemeinsam mit&nbsp;<strong>CORETH<\/strong>, der FH Campus Wien und einigen KMUs sucht das OFI in dem branchen- und bundesl\u00e4nder\u00fcbergreifenden Kooperationsprojekt \u201ePackloop\u201c, unterst\u00fctzt vom Lebensmittel-Cluster O\u00d6, dem Kunstoff-Cluster &amp; ecoplus&nbsp;Nieder\u00f6sterreich Wirtschaftsagentur GmbH, nach Antworten.<\/p>\n\n\n\n<p>Das Ziel dieses Clusterprojektes ist, f\u00fcr alle Partner ma\u00dfgeschneiderte&nbsp;<strong>kreislauftaugliche Verpackungen<\/strong>&nbsp;zu identifizieren, welche hinsichtlich ihrer&nbsp;<strong>Recyclingf\u00e4higkeit<\/strong>&nbsp;und ihres&nbsp;<strong>Life Cycle Assessments (LCA)<\/strong>&nbsp;unter Ber\u00fccksichtigung des Produktschutzes optimale, zukunftsorientierte Verpackungsl\u00f6sungen darstellen.<\/p>\n\n\n\n<p>Auch Recyclingfolien sollen hinsichtlich ihres Einsatzes als Sekund\u00e4rpackmittel beurteilt, bzw. m\u00f6gliche Einsatzgebiete daf\u00fcr ausgearbeitet werden.<\/p>\n\n\n\n<p>Die aktuellen Projektergebnisse zeigen, dass der&nbsp;<strong>Einsatz von Post Consumer Rezyklat in Sekund\u00e4rpackmittel<\/strong>&nbsp;wie bspw. Schrumpffolien f\u00fcr Getr\u00e4nkeverpackungen des Projektpartners Coreth nicht nur zu einer&nbsp;<strong>vielversprechenden Folienqualit\u00e4t f\u00fchren<\/strong>, sondern auch den&nbsp;<strong>Carbon Footprint senken<\/strong>&nbsp;k\u00f6nnen. Die bisher durchgef\u00fchrten lebensmittelrechtlichen Untersuchungen unter worst case Bedingungen liefern f\u00fcr den indirekten Produktkontakt vielversprechende Ergebnisse, die durch weiterf\u00fchrende Untersuchungen und rechtliche Abkl\u00e4rungen noch zu verifizieren w\u00e4ren.<\/p>\n\n\n\n<p>Die gro\u00dfe Herausforderung ist jedoch die sehr schwere Verf\u00fcgbarkeit und sehr unterschiedliche Qualit\u00e4tsstufen von PCR &amp; allgemeinen Regeneraten!&nbsp;<\/p>\n\n\n\n<p>Wir von Coreth setzen unsere Energie daf\u00fcr ein, hier f\u00fcr die Zukunft gut ger\u00fcstet zu sein.&nbsp;Stichwort: CORETH Recycling Zentrum etc.<\/p>\n\n\n\n<p>Somit liefert das Projekt einen wertvollen Beitrag f\u00fcr zuk\u00fcnftige Entwicklungen und Umsetzungen zur Erreichung der herausfordernden Ziele des EU-Kreislaufwirtschaftspakets und den dadurch auch notwendigen Rezyklateinsatz.<\/p>\n\n\n\n<h2 class=\"wp-block-heading\">Coreth stapelt mit Jungheinrich jetzt elektrisch!<\/h2>\n\n\n\n<p class=\"has-text-align-left\">Wir tauschen unsere Dieselstapler-Flotte gegen&nbsp;<strong>umweltfreundliche&nbsp;<\/strong>und&nbsp;<strong>leistungsstarke Elektrostapler<\/strong>&nbsp;von Jungheinrich, unserem langj\u00e4hrigen Partner bei Staplern aber auch Lagersystemen.<\/p>\n\n\n\n<p><strong>\u00d6kologischer, verf\u00fcgbarer und leiser<\/strong><\/p>\n\n\n\n<p>Die Fahrzeuge \u00fcberzeugen nicht nur mit einer besseren \u00d6kobilanz, sondern auch mit einem geringerem Wartungsaufwand und h\u00f6herer Verf\u00fcgbarkeit und sie arbeiten au\u00dfergew\u00f6hnlich leise.<\/p>\n\n\n\n<p>Und wir betreiben die neuen Elektrostapler mit&nbsp;<strong>gr\u00fcnem Strom aus<\/strong>&nbsp;unserer&nbsp;<strong>eigenen PV-Anlage<\/strong>!<\/p>\n\n\n\n<p>Dieses Projekt steht ganz besonders im Zeichen von I<strong>nnovation<\/strong>&nbsp;und&nbsp;<strong>Nachhaltigkeit.<\/strong><\/p>\n\n\n\n<p><strong>Stefan Chalupnik,&nbsp;<\/strong>Gesch\u00e4ftsf\u00fchrer bei Coreth und&nbsp;<strong>Roland Silberbauer<\/strong>, Fachberater bei Jungheinrich erz\u00e4hlen im Referenzvideo mehr dazu<strong>!<\/strong><\/p>\n\n\n\n<figure class=\"wp-block-embed is-type-video is-provider-youtube wp-block-embed-youtube wp-embed-aspect-16-9 wp-has-aspect-ratio\"><div class=\"wp-block-embed__wrapper\">\n<iframe loading=\"lazy\" title=\"Coreth stapelt mit Jungheinrich jetzt elektrisch\" width=\"500\" height=\"281\" src=\"https:\/\/www.youtube.com\/embed\/fxsUcepWgoY?feature=oembed\" frameborder=\"0\" allow=\"accelerometer; autoplay; clipboard-write; encrypted-media; gyroscope; picture-in-picture; web-share\" referrerpolicy=\"strict-origin-when-cross-origin\" allowfullscreen><\/iframe>\n<\/div><\/figure>\n\n\n\n<h2 class=\"wp-block-heading\">Errichtung einer Photovoltaik-Anlage!<\/h2>\n\n\n\n<p>Auf drei unserer Produktionshallen haben wir mit der <strong>VERBUND Energy4Business GmbH<\/strong> eine 170 kWpPhotovoltaik-Anlage als Eigenverbrauchsmodell errichtet. Die Produktion von eigenem Sonnenstrom rechnet sich f\u00fcr unseren Betrieb, denn das&nbsp;<a rel=\"noreferrer noopener\" href=\"https:\/\/www.verbund.com\/pv-grossanlagen\" target=\"_blank\">PV-Betreibermodell von VERBUND<\/a>&nbsp;garantiert eine risikolose Umsetzung ohne Erstinvestitionskosten. Der aus der Kraft der Sonne erzeugte Strom flie\u00dft zu 100 Prozent direkt in unseren Produktionskreislauf.&nbsp;<br>So sparen wir Stromkosten, erh\u00f6hen unsere Energieunabh\u00e4ngigkeit und tragen zur<strong> Erreichung der Klimaziele<\/strong>, durch eine CO2-Einsparung von 13 Tonnen pro Jahr, bei.<\/p>\n\n\n\n<figure class=\"wp-block-video\"><video height=\"1080\" style=\"aspect-ratio: 1920 \/ 1080;\" width=\"1920\" controls src=\"https:\/\/www.coreth.at\/content\/uploads\/2020\/12\/coreth-die-gruene-zone.mp4\"><\/video><\/figure>\n\n\n\n<h2 class=\"wp-block-heading\">Neue umweltschonende Materialien!<\/h2>\n\n\n\n<p>In der Getr\u00e4nkeindustrie haben wir bereits erfolgreiche Versuche mit <strong>Folien aus bio-basiertem LDPE <\/strong>durchgef\u00fchrt. Im Vergleich zu herk\u00f6mmlichen LDPE fossilen Ursprungs wird hier das LDPE aus Zuckerrohr, einem erneuerbaren Rohstoff, gewonnen. Durch das von der Zuckerrohrpflanze gebundene CO2 hat diese Folie eine deutliche negative CO2 Bilanz.<br><\/p>\n\n\n\n<h2 class=\"wp-block-heading\">Recycling!<\/h2>\n\n\n\n<p>Die Firma besitzt seit Jahren am Firmengel\u00e4nde eine eigene<strong> Recyclinganlage (Firma EREMA)<\/strong> zur 100%igen Verwertung aller Abf\u00e4lle!<\/p>\n\n\n\n<p>Ende <strong>2018 <\/strong>er\u00f6ffneten wir unser <strong>neues Recyclingzentrum<\/strong>!<\/p>\n\n\n\n<p>Wir errichteten am neuen Betriebsgel\u00e4nde eine Recyclinghalle und legten eine komplette Infrastruktur dazu an. Mit der neuen EREMA Anlage Intarema setzen wir neue Ma\u00dfst\u00e4be in der Aufbereitung von Folien. Wir k\u00f6nnen <strong>1.400 kg Folie pro Stunderecyclen<\/strong> und nehmen auch gerne Anfragen f\u00fcr den Bereich des <strong>Lohnrecycling <\/strong>entgegen!<br>Der Recyclingbereich ist nach unseren Hygiene Richtlinien der <strong>EN15593 Zertifizierung<\/strong> ausgerichtet. Damit k\u00f6nnen wir einen <strong>hohen Hygiene Standard<\/strong> in der Produktion von Recycling Material gew\u00e4hrleisten.<\/p>\n\n\n\n<h2 class=\"wp-block-heading\">Post-Consumer Regenerat<\/h2>\n\n\n\n<p>Die Weiterentwicklung unserer Produkte im Sinne der Nachhaltigkeit bleibt einer der wichtigsten Themenschwerpunkte. Neben dem Einsatz von <strong>Post-Industrial Regenerat<\/strong> aus unserem eigenen Recycling sind auch erste Gro\u00df-Tests mit <strong>Post-Consumer Regenerat<\/strong> sehr vielversprechend verlaufen.&nbsp;<br>Folie aus Post-Consumer Regenerat hat mittlerweile eine Qualit\u00e4t erreicht, die nun in einer Vielzahl von Anwendungen einsetzbar ist, ohne dabei gro\u00dfe Abstriche in Bezug auf die mechnischen und optischen Eigenschaften machen zu m\u00fcssen. In unterschiedlichen Projekten gemeinsam mit der OFI Technologie &amp; Innovation GmbH, dem Kunststoff-Cluster und der Fraunhofer-Gesellschaft arbeitet CORETH an <strong>zukunftsorientierten L\u00f6sungen<\/strong> f\u00fcr den Einsatz von Post-Consumer Regenerat in der Folien Verpackung.<br><\/p>\n\n\n\n<h2 class=\"wp-block-heading\">Energieeffizienz und Reduktion der CO2 Emmission!<\/h2>\n\n\n\n<p>Als eines der gr\u00f6\u00dften Unternehmen seiner Branche in \u00d6sterreich \u00fcbernimmt CORETH gro\u00dfe Verantwortung f\u00fcr <strong>Menschen, Umwelt und Werte<\/strong>, daher gestalten wir unsere Energiezukunft neu und aktiv mit.&nbsp;<br>Zusammen mit anderen Unternehmen b\u00fcndeln wir seit 2014 unser know-how und unsere Erfahrungen beim Thema Energieeinsatz in einem lernenden Energieeffizienz-Netzwerk (ECO-NET).<\/p>\n\n\n\n<p>Im Rahmen dieses Netzwerks <strong>ECO-NET<\/strong> gelingt uns die<strong> Steigerung unserer Energieeffizienzum 7,7%<\/strong>, zugleich <strong>verringern <\/strong>wir nachweislich unsere <strong>CO2 Emmissionen um 7,9%<\/strong>.<\/p>\n\n\n\n<p>Somit leisten wir einen wertvollen Beitrag zur Schonung unserer Energieressourcen!<br><\/p>\n\n\n\n<h2 class=\"wp-block-heading\">Abluftreinigung!<\/h2>\n\n\n\n<p>2013 haben wir uns f\u00fcr eine moderne und leistungsstarke <strong>thermisch-regenerative Abluftreinigungsanlage<\/strong> (Firma KBA) entschieden. Hier werden alle freiwerdenden L\u00f6sungsmitteld\u00e4mpfe verbrannt und zu 96% in Form von W\u00e4rme wiedergewonnen. Diese Anlage wurde zeitgleich mit der Druckmaschine in Betrieb genommen und stellt sicher, dass alle Umweltauflagen erf\u00fcllt werden.<\/p>\n\n\n\n<p>Mittels einer eigenen <strong>Destille <\/strong>(Firma OFRU) werden alle L\u00f6sungsmittel automatisch gereinigt und wieder in die Produktion r\u00fcckgef\u00fchrt.<br><br><strong><br>F\u00fcr uns und unsere Kunden.<\/strong><\/p>\n","protected":false},"excerpt":{"rendered":"<p>UMWELT &amp; FOLIE Wir nehmen unsere Verantwortung gegen\u00fcber der Umwelt sehr ernst. \u00d6konomie und \u00d6kologie bedeuten f\u00fcr uns keine Gegens\u00e4tze. Als produzierendes Familienunternehmen handeln wir umweltbewusst und setzen Ma\u00dfnahmen zur umweltschonenden Produktion. Unser Grundmaterial besteht zu 100% aus Polyethylen, dieses setzt sich aus Kohlen-und Wasserstoff zusammen. Es ist umweltvertr\u00e4glich, grundwasserneutral, korrosionsneutral, giftfrei und uneingeschr\u00e4nkt recyclingf\u00e4hig. [&hellip;]<\/p>\n","protected":false},"author":1,"featured_media":525,"parent":647,"menu_order":0,"comment_status":"closed","ping_status":"closed","template":"","meta":[],"class_list":["post-93","page","type-page","status-publish","has-post-thumbnail","hentry"],"yoast_head":"<!-- This site is optimized with the Yoast SEO plugin v27.2 - https:\/\/yoast.com\/product\/yoast-seo-wordpress\/ -->\n<title>Die Gr\u00fcne Zone - CORETH<\/title>\n<meta name=\"description\" content=\"Wir entwickeln ma\u00dfgeschneiderte Verpackungsl\u00f6sungen und bieten Ihnen hochwertige Produkte und perfekten Service.\" \/>\n<meta name=\"robots\" content=\"index, follow, max-snippet:-1, max-image-preview:large, max-video-preview:-1\" \/>\n<link rel=\"canonical\" href=\"https:\/\/www.coreth.at\/de\/company\/green-spirit\/\" \/>\n<meta property=\"og:locale\" content=\"de_DE\" \/>\n<meta property=\"og:type\" content=\"article\" \/>\n<meta property=\"og:title\" content=\"Die Gr\u00fcne Zone - CORETH\" \/>\n<meta property=\"og:description\" content=\"Wir entwickeln ma\u00dfgeschneiderte Verpackungsl\u00f6sungen und bieten Ihnen hochwertige Produkte und perfekten Service.\" \/>\n<meta property=\"og:url\" content=\"https:\/\/www.coreth.at\/de\/company\/green-spirit\/\" \/>\n<meta property=\"og:site_name\" content=\"CORETH\" \/>\n<meta property=\"article:modified_time\" content=\"2023-09-13T09:54:28+00:00\" \/>\n<meta property=\"og:image\" content=\"https:\/\/www.coreth.at\/content\/uploads\/2020\/12\/16.jpg\" \/>\n\t<meta property=\"og:image:width\" content=\"300\" \/>\n\t<meta property=\"og:image:height\" content=\"325\" \/>\n\t<meta property=\"og:image:type\" content=\"image\/jpeg\" \/>\n<meta name=\"twitter:card\" content=\"summary_large_image\" \/>\n<meta name=\"twitter:label1\" content=\"Gesch\u00e4tzte Lesezeit\" \/>\n\t<meta name=\"twitter:data1\" content=\"6\u00a0Minuten\" \/>\n<script type=\"application\/ld+json\" class=\"yoast-schema-graph\">{\"@context\":\"https:\/\/schema.org\",\"@graph\":[{\"@type\":\"WebPage\",\"@id\":\"https:\/\/www.coreth.at\/de\/company\/green-spirit\/\",\"url\":\"https:\/\/www.coreth.at\/de\/company\/green-spirit\/\",\"name\":\"Die Gr\u00fcne Zone - CORETH\",\"isPartOf\":{\"@id\":\"https:\/\/www.coreth.at\/de\/#website\"},\"primaryImageOfPage\":{\"@id\":\"https:\/\/www.coreth.at\/de\/company\/green-spirit\/#primaryimage\"},\"image\":{\"@id\":\"https:\/\/www.coreth.at\/de\/company\/green-spirit\/#primaryimage\"},\"thumbnailUrl\":\"https:\/\/www.coreth.at\/content\/uploads\/2020\/12\/16.jpg\",\"datePublished\":\"2020-12-12T15:06:32+00:00\",\"dateModified\":\"2023-09-13T09:54:28+00:00\",\"description\":\"Wir entwickeln ma\u00dfgeschneiderte Verpackungsl\u00f6sungen und bieten Ihnen hochwertige Produkte und perfekten Service.\",\"breadcrumb\":{\"@id\":\"https:\/\/www.coreth.at\/de\/company\/green-spirit\/#breadcrumb\"},\"inLanguage\":\"de\",\"potentialAction\":[{\"@type\":\"ReadAction\",\"target\":[\"https:\/\/www.coreth.at\/de\/company\/green-spirit\/\"]}]},{\"@type\":\"ImageObject\",\"inLanguage\":\"de\",\"@id\":\"https:\/\/www.coreth.at\/de\/company\/green-spirit\/#primaryimage\",\"url\":\"https:\/\/www.coreth.at\/content\/uploads\/2020\/12\/16.jpg\",\"contentUrl\":\"https:\/\/www.coreth.at\/content\/uploads\/2020\/12\/16.jpg\",\"width\":300,\"height\":325},{\"@type\":\"BreadcrumbList\",\"@id\":\"https:\/\/www.coreth.at\/de\/company\/green-spirit\/#breadcrumb\",\"itemListElement\":[{\"@type\":\"ListItem\",\"position\":1,\"name\":\"Unternehmen\",\"item\":\"https:\/\/www.coreth.at\/de\/company\/\"},{\"@type\":\"ListItem\",\"position\":2,\"name\":\"Die Gr\u00fcne Zone\"}]},{\"@type\":\"WebSite\",\"@id\":\"https:\/\/www.coreth.at\/de\/#website\",\"url\":\"https:\/\/www.coreth.at\/de\/\",\"name\":\"CORETH\",\"description\":\"\",\"publisher\":{\"@id\":\"https:\/\/www.coreth.at\/de\/#organization\"},\"potentialAction\":[{\"@type\":\"SearchAction\",\"target\":{\"@type\":\"EntryPoint\",\"urlTemplate\":\"https:\/\/www.coreth.at\/de\/?s={search_term_string}\"},\"query-input\":{\"@type\":\"PropertyValueSpecification\",\"valueRequired\":true,\"valueName\":\"search_term_string\"}}],\"inLanguage\":\"de\"},{\"@type\":\"Organization\",\"@id\":\"https:\/\/www.coreth.at\/de\/#organization\",\"name\":\"CORETH\",\"url\":\"https:\/\/www.coreth.at\/de\/\",\"logo\":{\"@type\":\"ImageObject\",\"inLanguage\":\"de\",\"@id\":\"https:\/\/www.coreth.at\/de\/#\/schema\/logo\/image\/\",\"url\":\"https:\/\/www.coreth.at\/content\/uploads\/2021\/02\/logo_coreth-2.png\",\"contentUrl\":\"https:\/\/www.coreth.at\/content\/uploads\/2021\/02\/logo_coreth-2.png\",\"width\":428,\"height\":36,\"caption\":\"CORETH\"},\"image\":{\"@id\":\"https:\/\/www.coreth.at\/de\/#\/schema\/logo\/image\/\"}}]}<\/script>\n<!-- \/ Yoast SEO plugin. -->","yoast_head_json":{"title":"Die Gr\u00fcne Zone - CORETH","description":"Wir entwickeln ma\u00dfgeschneiderte Verpackungsl\u00f6sungen und bieten Ihnen hochwertige Produkte und perfekten Service.","robots":{"index":"index","follow":"follow","max-snippet":"max-snippet:-1","max-image-preview":"max-image-preview:large","max-video-preview":"max-video-preview:-1"},"canonical":"https:\/\/www.coreth.at\/de\/company\/green-spirit\/","og_locale":"de_DE","og_type":"article","og_title":"Die Gr\u00fcne Zone - CORETH","og_description":"Wir entwickeln ma\u00dfgeschneiderte Verpackungsl\u00f6sungen und bieten Ihnen hochwertige Produkte und perfekten Service.","og_url":"https:\/\/www.coreth.at\/de\/company\/green-spirit\/","og_site_name":"CORETH","article_modified_time":"2023-09-13T09:54:28+00:00","og_image":[{"width":300,"height":325,"url":"https:\/\/www.coreth.at\/content\/uploads\/2020\/12\/16.jpg","type":"image\/jpeg"}],"twitter_card":"summary_large_image","twitter_misc":{"Gesch\u00e4tzte Lesezeit":"6\u00a0Minuten"},"schema":{"@context":"https:\/\/schema.org","@graph":[{"@type":"WebPage","@id":"https:\/\/www.coreth.at\/de\/company\/green-spirit\/","url":"https:\/\/www.coreth.at\/de\/company\/green-spirit\/","name":"Die Gr\u00fcne Zone - CORETH","isPartOf":{"@id":"https:\/\/www.coreth.at\/de\/#website"},"primaryImageOfPage":{"@id":"https:\/\/www.coreth.at\/de\/company\/green-spirit\/#primaryimage"},"image":{"@id":"https:\/\/www.coreth.at\/de\/company\/green-spirit\/#primaryimage"},"thumbnailUrl":"https:\/\/www.coreth.at\/content\/uploads\/2020\/12\/16.jpg","datePublished":"2020-12-12T15:06:32+00:00","dateModified":"2023-09-13T09:54:28+00:00","description":"Wir entwickeln ma\u00dfgeschneiderte Verpackungsl\u00f6sungen und bieten Ihnen hochwertige Produkte und perfekten Service.","breadcrumb":{"@id":"https:\/\/www.coreth.at\/de\/company\/green-spirit\/#breadcrumb"},"inLanguage":"de","potentialAction":[{"@type":"ReadAction","target":["https:\/\/www.coreth.at\/de\/company\/green-spirit\/"]}]},{"@type":"ImageObject","inLanguage":"de","@id":"https:\/\/www.coreth.at\/de\/company\/green-spirit\/#primaryimage","url":"https:\/\/www.coreth.at\/content\/uploads\/2020\/12\/16.jpg","contentUrl":"https:\/\/www.coreth.at\/content\/uploads\/2020\/12\/16.jpg","width":300,"height":325},{"@type":"BreadcrumbList","@id":"https:\/\/www.coreth.at\/de\/company\/green-spirit\/#breadcrumb","itemListElement":[{"@type":"ListItem","position":1,"name":"Unternehmen","item":"https:\/\/www.coreth.at\/de\/company\/"},{"@type":"ListItem","position":2,"name":"Die Gr\u00fcne Zone"}]},{"@type":"WebSite","@id":"https:\/\/www.coreth.at\/de\/#website","url":"https:\/\/www.coreth.at\/de\/","name":"CORETH","description":"","publisher":{"@id":"https:\/\/www.coreth.at\/de\/#organization"},"potentialAction":[{"@type":"SearchAction","target":{"@type":"EntryPoint","urlTemplate":"https:\/\/www.coreth.at\/de\/?s={search_term_string}"},"query-input":{"@type":"PropertyValueSpecification","valueRequired":true,"valueName":"search_term_string"}}],"inLanguage":"de"},{"@type":"Organization","@id":"https:\/\/www.coreth.at\/de\/#organization","name":"CORETH","url":"https:\/\/www.coreth.at\/de\/","logo":{"@type":"ImageObject","inLanguage":"de","@id":"https:\/\/www.coreth.at\/de\/#\/schema\/logo\/image\/","url":"https:\/\/www.coreth.at\/content\/uploads\/2021\/02\/logo_coreth-2.png","contentUrl":"https:\/\/www.coreth.at\/content\/uploads\/2021\/02\/logo_coreth-2.png","width":428,"height":36,"caption":"CORETH"},"image":{"@id":"https:\/\/www.coreth.at\/de\/#\/schema\/logo\/image\/"}}]}},"_links":{"self":[{"href":"https:\/\/www.coreth.at\/de\/wp-json\/wp\/v2\/pages\/93","targetHints":{"allow":["GET"]}}],"collection":[{"href":"https:\/\/www.coreth.at\/de\/wp-json\/wp\/v2\/pages"}],"about":[{"href":"https:\/\/www.coreth.at\/de\/wp-json\/wp\/v2\/types\/page"}],"author":[{"embeddable":true,"href":"https:\/\/www.coreth.at\/de\/wp-json\/wp\/v2\/users\/1"}],"replies":[{"embeddable":true,"href":"https:\/\/www.coreth.at\/de\/wp-json\/wp\/v2\/comments?post=93"}],"version-history":[{"count":0,"href":"https:\/\/www.coreth.at\/de\/wp-json\/wp\/v2\/pages\/93\/revisions"}],"up":[{"embeddable":true,"href":"https:\/\/www.coreth.at\/de\/wp-json\/wp\/v2\/pages\/647"}],"wp:featuredmedia":[{"embeddable":true,"href":"https:\/\/www.coreth.at\/de\/wp-json\/wp\/v2\/media\/525"}],"wp:attachment":[{"href":"https:\/\/www.coreth.at\/de\/wp-json\/wp\/v2\/media?parent=93"}],"curies":[{"name":"wp","href":"https:\/\/api.w.org\/{rel}","templated":true}]}}